{"id":6271,"date":"2024-04-07T15:46:33","date_gmt":"2024-04-07T15:46:33","guid":{"rendered":"https:\/\/calvamadrid.com\/calvaw\/?page_id=6271"},"modified":"2026-04-16T19:56:53","modified_gmt":"2026-04-16T19:56:53","slug":"nuevo-calva","status":"publish","type":"page","link":"https:\/\/calvamadrid.com\/calvaw\/","title":{"rendered":""},"content":{"rendered":"\t\t<div data-elementor-type=\"wp-page\" data-elementor-id=\"6271\" class=\"elementor elementor-6271\">\n\t\t\t\t<div class=\"elementor-element elementor-element-aa28df1 e-flex e-con-boxed e-con e-parent\" data-id=\"aa28df1\" data-element_type=\"container\" data-core-v316-plus=\"true\">\n\t\t\t\t\t<div class=\"e-con-inner\">\n\t\t\t\t<div class=\"elementor-element elementor-element-5c50883 elementor-widget elementor-widget-image\" data-id=\"5c50883\" data-element_type=\"widget\" data-widget_type=\"image.default\">\n\t\t\t\t<div class=\"elementor-widget-container\">\n\t\t\t<style>\/*! elementor - v3.20.0 - 26-03-2024 *\/\n.elementor-widget-image{text-align:center}.elementor-widget-image a{display:inline-block}.elementor-widget-image a img[src$=\".svg\"]{width:48px}.elementor-widget-image img{vertical-align:middle;display:inline-block}<\/style>\t\t\t\t\t\t\t\t\t\t<img loading=\"lazy\" decoding=\"async\" width=\"1024\" height=\"722\" src=\"https:\/\/calvamadrid.com\/calvaw\/wp-content\/uploads\/2026\/04\/cam_alcorcon_2026-1024x722.jpg\" class=\"attachment-large size-large wp-image-6720\" alt=\"\" srcset=\"https:\/\/calvamadrid.com\/calvaw\/wp-content\/uploads\/2026\/04\/cam_alcorcon_2026-1024x722.jpg 1024w, https:\/\/calvamadrid.com\/calvaw\/wp-content\/uploads\/2026\/04\/cam_alcorcon_2026-150x106.jpg 150w, https:\/\/calvamadrid.com\/calvaw\/wp-content\/uploads\/2026\/04\/cam_alcorcon_2026-768x541.jpg 768w, https:\/\/calvamadrid.com\/calvaw\/wp-content\/uploads\/2026\/04\/cam_alcorcon_2026.jpg 1151w\" sizes=\"(max-width: 1024px) 100vw, 1024px\" \/>\t\t\t\t\t\t\t\t\t\t\t\t\t<\/div>\n\t\t\t\t<\/div>\n\t\t\t\t\t<\/div>\n\t\t\t\t<\/div>\n\t\t<div class=\"elementor-element elementor-element-31bdca11 e-flex e-con-boxed e-con e-parent\" data-id=\"31bdca11\" data-element_type=\"container\" data-core-v316-plus=\"true\">\n\t\t\t\t\t<div class=\"e-con-inner\">\n\t\t<div class=\"elementor-element elementor-element-059d8ad e-flex e-con-boxed e-con e-child\" data-id=\"059d8ad\" data-element_type=\"container\">\n\t\t\t\t\t<div class=\"e-con-inner\">\n\t\t\t\t<div class=\"elementor-element elementor-element-f6fde6d elementor-widget elementor-widget-text-editor\" data-id=\"f6fde6d\" data-element_type=\"widget\" data-widget_type=\"text-editor.default\">\n\t\t\t\t<div class=\"elementor-widget-container\">\n\t\t\t<style>\/*! elementor - v3.20.0 - 26-03-2024 *\/\n.elementor-widget-text-editor.elementor-drop-cap-view-stacked .elementor-drop-cap{background-color:#69727d;color:#fff}.elementor-widget-text-editor.elementor-drop-cap-view-framed .elementor-drop-cap{color:#69727d;border:3px solid;background-color:transparent}.elementor-widget-text-editor:not(.elementor-drop-cap-view-default) .elementor-drop-cap{margin-top:8px}.elementor-widget-text-editor:not(.elementor-drop-cap-view-default) .elementor-drop-cap-letter{width:1em;height:1em}.elementor-widget-text-editor .elementor-drop-cap{float:left;text-align:center;line-height:1;font-size:50px}.elementor-widget-text-editor .elementor-drop-cap-letter{display:inline-block}<\/style>\t\t\t\t<p>\u00a0<\/p>\n<!-- wp:shortcode -->\n<style>.wp-show-posts-columns#wpsp-6592 {margin-left: -2em; }.wp-show-posts-columns#wpsp-6592 .wp-show-posts-inner {margin: 0 0 2em 2em; }<\/style><section id=\"wpsp-6592\" class=\" wp-show-posts-columns wp-show-posts\" style=\"\"><article class=\" wp-show-posts-single post-6704 post type-post status-publish format-standard hentry category-top wpsp-col-6\" itemtype=\"http:\/\/schema.org\/CreativeWork\" itemscope><div class=\"wp-show-posts-inner\" style=\"\">\t\t\t\t\t\t<header class=\"wp-show-posts-entry-header\">\n\t\t\t\t\t\t\t<h2 class=\"wp-show-posts-entry-title\" itemprop=\"headline\"><a href=\"https:\/\/calvamadrid.com\/calvaw\/a-la-memoria-de-pablo-conductor-del-alvia\/\" rel=\"bookmark\">A la memoria de Pablo, conductor del Alvia<\/a><\/h2><div class=\"wp-show-posts-entry-meta wp-show-posts-entry-meta-below-title post-meta-inline\"><span class=\"wp-show-posts-posted-on wp-show-posts-meta\">\n\t\t\t\t\t<a href=\"https:\/\/calvamadrid.com\/calvaw\/a-la-memoria-de-pablo-conductor-del-alvia\/\" title=\"9:35 am\" rel=\"bookmark\"><time class=\"wp-show-posts-entry-date published\" datetime=\"2026-01-21T09:35:08+00:00\" itemprop=\"datePublished\">2026-01-21<\/time><time class=\"wp-show-posts-updated\" datetime=\"2026-01-21T11:23:24+00:00\" itemprop=\"dateModified\">2026-01-21<\/time><\/a>\n\t\t\t\t<\/span><\/div>\t\t\t\t\t\t<\/header><!-- .entry-header -->\n\t\t\t\t\t\t\t\t\t\t\t<div class=\"wp-show-posts-entry-summary\" itemprop=\"text\">\n\t\t\t\t\t\t\t<p>Pablo que dios te tenga en la gloria<\/p>\n<p>Los calveros de alcorcon,<br \/>\nHermanos en el dolor,<br \/>\nCon su noble coraz\u00f3n,<br \/>\nGloria piden al se\u00f1or.<\/p>\n<p>Tan joven nuestro vecino,<br \/>\nTanta desgracia vivida,<br \/>\nPor una mala partida,<br \/>\nUn trance de su destino.<\/p>\n<p>S\u00f3lo nos queda llorar,<br \/>\nY maldecir lo ocurrido,<br \/>\nSin encontrar el sentido,<br \/>\nNi su motivo encontrar.<\/p>\n<p>S\u00f3lo queda acompa\u00f1ar<br \/>\nA su familia completa,<br \/>\nCon amor sin etiqueta,<br \/>\nDe manera familiar.<\/p>\n<p>Conde<\/p>\n\t\t\t\t\t\t<\/div><!-- .entry-summary -->\n\t\t\t\t\t<\/div><!-- wp-show-posts-inner --><\/article><article class=\" wp-show-posts-single post-6572 post type-post status-publish format-standard hentry category-news category-top wpsp-col-6\" itemtype=\"http:\/\/schema.org\/CreativeWork\" itemscope><div class=\"wp-show-posts-inner\" style=\"\">\t\t\t\t\t\t<header class=\"wp-show-posts-entry-header\">\n\t\t\t\t\t\t\t<h2 class=\"wp-show-posts-entry-title\" itemprop=\"headline\"><a href=\"https:\/\/calvamadrid.com\/calvaw\/iv-campeonato-de-calva-comunidad-de-madrid-2\/\" rel=\"bookmark\">XXXII Campeonato de calva de Alcorc\u00f3n<\/a><\/h2><div class=\"wp-show-posts-entry-meta wp-show-posts-entry-meta-below-title post-meta-inline\"><span class=\"wp-show-posts-posted-on wp-show-posts-meta\">\n\t\t\t\t\t<a href=\"https:\/\/calvamadrid.com\/calvaw\/iv-campeonato-de-calva-comunidad-de-madrid-2\/\" title=\"11:23 am\" rel=\"bookmark\"><time class=\"wp-show-posts-entry-date published\" datetime=\"2025-10-11T11:23:17+00:00\" itemprop=\"datePublished\">2025-10-11<\/time><time class=\"wp-show-posts-updated\" datetime=\"2025-10-11T11:23:18+00:00\" itemprop=\"dateModified\">2025-10-11<\/time><\/a>\n\t\t\t\t<\/span><\/div>\t\t\t\t\t\t<\/header><!-- .entry-header -->\n\t\t\t\t\t\t\t\t\t\t\t<div class=\"wp-show-posts-entry-content\" itemprop=\"text\">\n\t\t\t\t\t\t\t\n<p>Publicado en <em>La Gaceta de Alcorc\u00f3n<\/em>.<\/p>\n\n\n\n<p>Guillermo Ceballos gan\u00f3 por sexto a\u00f1o consecutivo el Campeonato de Calva de Alcorc\u00f3n, celebrado en el Parque de La Paz. <\/p>\n\n\n\n<p>El evento, organizado por el Club Los Castellanos, destac\u00f3 por su ambiente festivo y participaci\u00f3n vecinal.<\/p>\n\n\n\n<p><a href=\"https:\/\/lagacetadealcorcon.com\/calva-alcorcon\/\"><\/a><\/p>\n\n\n\n<figure class=\"wp-block-image size-full\"><a href=\"https:\/\/lagacetadealcorcon.com\/calva-alcorcon\/\"><img fetchpriority=\"high\" fetchpriority=\"high\" decoding=\"async\" width=\"1020\" height=\"359\" src=\"https:\/\/calvamadrid.com\/calvaw\/wp-content\/uploads\/2025\/10\/image.png\" alt=\"\" class=\"wp-image-6573\" srcset=\"https:\/\/calvamadrid.com\/calvaw\/wp-content\/uploads\/2025\/10\/image.png 1020w, https:\/\/calvamadrid.com\/calvaw\/wp-content\/uploads\/2025\/10\/image-150x53.png 150w, https:\/\/calvamadrid.com\/calvaw\/wp-content\/uploads\/2025\/10\/image-768x270.png 768w\" sizes=\"(max-width: 1020px) 100vw, 1020px\" \/><\/a><\/figure>\n\n\n\n\t\t\t\t\t\t<\/div><!-- .entry-content -->\n\t\t\t\t\t<\/div><!-- wp-show-posts-inner --><\/article><div class=\"wpsp-clear\"><\/div><\/section><!-- .wp-show-posts -->\n<!-- \/wp:shortcode -->\t\t\t\t\t\t<\/div>\n\t\t\t\t<\/div>\n\t\t\t\t\t<\/div>\n\t\t\t\t<\/div>\n\t\t\t\t<div class=\"elementor-element elementor-element-3941fb61 elementor-widget elementor-widget-text-editor\" data-id=\"3941fb61\" data-element_type=\"widget\" data-widget_type=\"text-editor.default\">\n\t\t\t\t<div class=\"elementor-widget-container\">\n\t\t\t\t\t\t\t<p><!-- wp:paragraph {\"align\":\"center\",\"fontSize\":\"medium\"} --><\/p>\n<p class=\"has-text-align-center has-medium-font-size\">\u00a0<\/p>\n<p><!-- \/wp:paragraph --><!-- wp:paragraph {\"fontSize\":\"x-large\"} --><\/p>\n<p class=\"has-x-large-font-size\">\u00a0<\/p>\n<p><!-- \/wp:paragraph --><!-- wp:magazine-blocks\/section {\"clientId\":\"1ee1c29c\",\"columns\":2} --><\/p>\n<div class=\"mzb-section mzb-section-1ee1c29c\">\n<div class=\"mzb-container\">\n<div class=\"mzb-section-inner\">\n<p><!-- wp:magazine-blocks\/column {\"clientId\":\"8a225e60\"} --><\/p>\n<div class=\"mzb-column mzb-column-8a225e60\">\n<div class=\"mzb-column-inner\">\n<p><!-- wp:magazine-blocks\/heading {\"clientId\":\"a9107991\",\"text\":\"Estadillo Virtual Actualizado 2024\",\"label\":\"Consulta los resultados hist\u00f3ricos de cada jugador\"} --><\/p>\n<div class=\"mzb-heading mzb-heading-a9107991 mzb-heading-layout-1 mzb-heading-layout-1-style-1\">\n<div class=\"mzb-heading-inner\">\n<h2>Estadillo Virtual Actualizado 2024<\/h2>\n<\/div>\n<div class=\"sub-heading\">\n<p>Consulta los resultados hist\u00f3ricos de cada jugador<\/p>\n<\/div>\n<\/div>\n<p><!-- \/wp:magazine-blocks\/heading --><!-- wp:html --><\/p>\n<div style=\"display: flex; flex-direction: column; align-items: center;\">\n<p>Selecciona un club o el n\u00famero de jugador para ver el historial deportivo completo<\/p>\n<div style=\"display: flex; flex-direction: column; align-items: center; gap: 10px;\"><form action=\"..\/calvaw\/estadillo_online\" method=\"post\">\n<p><label for=\"club\">Consulta por club:<\/label><\/p>\n<div style=\"display: flex; flex-direction: row; gap: 10px;\"><select id=\"club\" name=\"club\">\n<option value=\"01\">1-Alcal\u00e1 de Henares<\/option>\n<option value=\"03\">3-Aluche<\/option>\n<option value=\"04\">4-Ciudad Lineal<\/option>\n<option value=\"07\">7-El Pilar<\/option>\n<option value=\"08\">8-Fuenlabrada<\/option>\n<option value=\"11\">11-La Mina<\/option>\n<option value=\"12\">12-Getafe<\/option>\n<option value=\"13\">13-Legan\u00e9s<\/option>\n<option value=\"14\">14-Los Abulenses de Alc.<\/option>\n<option value=\"15\">15-Castellanos de Alc.<\/option>\n<option value=\"16\">16-Lucero<\/option>\n<option value=\"17\">17-Trabenco<\/option>\n<option value=\"19\">19-Villa De M\u00f3stoles<\/option>\n<option value=\"21\">21-Coslada<\/option>\n<option value=\"23\">23-San Agust\u00edn<\/option>\n<\/select><button style=\"background-color: #f0f0f0; padding: 5px;\" name=\"action\" type=\"submit\" value=\"assign_club\">Busca<\/button><\/div>\n<\/form><form action=\"..\/calvaw\/estadillo_online\" method=\"post\">\n<p><label for=\"nu\">Por n\u00famero jugador:<\/label><\/p>\n<div style=\"display: flex; flex-direction: row; gap: 10px;\"><input id=\"nu\" name=\"nu\" type=\"number\" placeholder=\" \u00bfn\u00famero?\" \/> <button style=\"background-color: #f0f0f0; padding: 5px;\" name=\"action\" type=\"submit\" value=\"assign_player\">Busca<\/button><\/div>\n<\/form><\/div>\n<\/div>\n<p><!-- \/wp:html --><!-- wp:magazine-blocks\/heading {\"clientId\":\"826a0b73\",\"text\":\"Ranking en calvas \",\"label\":\"consulta el ranking en numero de calvas.\"} --><\/p>\n<div class=\"mzb-heading mzb-heading-826a0b73 mzb-heading-layout-1 mzb-heading-layout-1-style-1\">\n<div class=\"mzb-heading-inner\">\n<h2>Ranking en calvas<\/h2>\n<\/div>\n<div class=\"sub-heading\">\n<p>consulta el ranking en numero de calvas.<\/p>\n<\/div>\n<\/div>\n<p><!-- \/wp:magazine-blocks\/heading --><!-- wp:shortcode --> \n \n\n\n<link rel=stylesheet href=https:\/\/stackpath.bootstrapcdn.com\/bootstrap\/4.5.2\/css\/bootstrap.min.css>   <p class=text-left><small>Actualizado hasta <strong>CLAUSURA (2025-11-30)<\/small><\/strong><\/p>\n  <style>\n    .table-xs {\n      font-size: 1rem;\n    }\n\n    .table-xs th,\n    .table-xs td {\n      padding: 0.0rem;\n    }\n  <\/style>\n\n\n<table class=\"table table-xs  table-borderless\" style=\"width: 450px;\"><thead>\n      <tr class=\"info\"><th>1\u00ba<\/th><th>2\u00ba<\/th><th>3\u00ba<\/th><th>4\u00ba<\/th><th>5\u00ba<\/th><th>6\u00ba<\/th><th>7\u00ba<\/th><th>8\u00ba<\/th><\/tr>\n      <\/thead><tbody><td><img loading=\"lazy\" decoding=\"async\" src=\"\/pics\/12.jpg\" width=\"57\" height=\"77\"><\/td><td><img loading=\"lazy\" decoding=\"async\" src=\"\/pics\/1320.jpg\" width=\"54\" height=\"74\"><\/td><td><img loading=\"lazy\" decoding=\"async\" src=\"\/pics\/110.jpg\" width=\"51\" height=\"71\"><\/td><td><img loading=\"lazy\" decoding=\"async\" src=\"\/pics\/726.jpg\" width=\"48\" height=\"68\"><\/td><td><img loading=\"lazy\" decoding=\"async\" src=\"\/pics\/1266.jpg\" width=\"45\" height=\"65\"><\/td><td><img loading=\"lazy\" decoding=\"async\" src=\"\/pics\/127.jpg\" width=\"42\" height=\"62\"><\/td><td><img loading=\"lazy\" decoding=\"async\" src=\"\/pics\/459.jpg\" width=\"39\" height=\"59\"><\/td><td><img loading=\"lazy\" decoding=\"async\" src=\"\/pics\/1174.jpg\" width=\"36\" height=\"56\"><\/td><\/tbody><\/table><table class=\"table table-xs  table-borderless\" style=\"width: 400px;\"><thead><tr class=\"info\"><th>Puesto<\/th><th>Jugador<\/th><th>Calvas<\/th><\/tr><\/thead><tbody style=\"height: 8px;\"><tr style=\"height: 8px;\"><td>1<\/td><td>Guillermo Ceballos Simon<\/td><td>403<\/td><\/tr><tr style=\"height: 8px;\"><td>2<\/td><td>Alejandro Soto Rodriguez<\/td><td>388<\/td><\/tr><tr style=\"height: 8px;\"><td>3<\/td><td>Luis Hernandez Caballero<\/td><td>384<\/td><\/tr><tr style=\"height: 8px;\"><td>4<\/td><td>Jose Barroso Blazquez<\/td><td>367<\/td><\/tr><tr style=\"height: 8px;\"><td>5<\/td><td>Baldomero Tabernero De Bu<\/td><td>352<\/td><\/tr><tr style=\"height: 8px;\"><td>6<\/td><td>Pedro Sanchez Rodriguez<\/td><td>337<\/td><\/tr><tr style=\"height: 8px;\"><td>7<\/td><td>David Molero Garcia<\/td><td>327<\/td><\/tr><tr style=\"height: 8px;\"><td>8<\/td><td>Jose Castro Fernandez<\/td><td>314<\/td><\/tr><\/tbody><\/table><a href=\"https:\/\/calvamadrid.com\/calvaw\/ranking\/\"><br><center>ver listado completo<br><\/center><\/a>450 <!-- \/wp:shortcode --><\/p>\n<\/div>\n<\/div>\n<p><!-- \/wp:magazine-blocks\/column --><!-- wp:magazine-blocks\/column {\"clientId\":\"73975ada\"} --><\/p>\n<div class=\"mzb-column mzb-column-73975ada\">\n<div class=\"mzb-column-inner\">\n<p><!-- wp:magazine-blocks\/heading {\"clientId\":\"d7a9012a\",\"text\":\"Ultimos campeonatos celebrados\",\"label\":\".\"} --><\/p>\n<div class=\"mzb-heading mzb-heading-d7a9012a mzb-heading-layout-1 mzb-heading-layout-1-style-1\">\n<div class=\"mzb-heading-inner\">\n<h2>Ultimos campeonatos celebrados<\/h2>\n<\/div>\n<div class=\"sub-heading\">\n<p>.<\/p>\n<\/div>\n<\/div>\n<p><!-- \/wp:magazine-blocks\/heading --><!-- wp:html --> <script>\n        function enviarCampeonato(valor) {\n            \/\/ Crea un formulario din\u00e1micamente\n            const form = document.createElement('form');\n            form.method = 'post';\n            form.action = 'https:\/\/calvamadrid.com\/calvaw\/ultimos_campeonatos\/';\n\n            \/\/ Crea un campo oculto con el valor deseado\n            const input = document.createElement('input');\n            input.type = 'hidden';\n            input.name = 'camp_id';\n            input.value = valor; \/\/ Utiliza el valor pasado como par\u00e1metro\n\n            \/\/ Agrega el campo oculto al formulario\n            form.appendChild(input);\n\n            \/\/ Agrega el formulario al cuerpo del documento\n            document.body.appendChild(form);\n\n            \/\/ Env\u00eda el formulario\n            form.submit();\n        }\n    <\/script> <script>\n        function enviarFormulario(valor) {\n            \/\/ Crea un formulario din\u00e1micamente\n            const form = document.createElement('form');\n            form.method = 'post';\n            form.action = 'https:\/\/calvamadrid.com\/calvaw\/estadillo_online\/';\n\n            \/\/ Crea un campo oculto con el valor deseado\n            const input = document.createElement('input');\n            input.type = 'hidden';\n            input.name = 'nu';\n            input.value = valor; \/\/ Utiliza el valor pasado como par\u00e1metro\n\n            \/\/ Agrega el campo oculto al formulario\n            form.appendChild(input);\n\n            \/\/ Agrega el formulario al cuerpo del documento\n            document.body.appendChild(form);\n\n            \/\/ Env\u00eda el formulario\n            form.submit();\n        }\n    <\/script> <!-- \/wp:html --><!-- wp:shortcode --> \n\n  <link rel=\"stylesheet\" href=\"http:\/\/www.calvamadrid.com\/calva\/micss\/azul.css\" type=\"text\/css\">\n\n  \n \n <!DOCTYPE html PUBLIC \"-\/\/W3C\/\/DTD HTML 4.01\/\/EN\" \"http:\/\/www.w3.org\/TR\/html4\/strict.dtd\">\n<html>\n<head>\n \n  <title>Campeonatos<\/title>\n<\/head>\n<body>\n<br><H4><a href='#' onclick=\"enviarCampeonato('CL'); return false;\">2025-11-30 &#8211; CLAUSURA<\/a> <\/small>\t<table class=\"table table-condensed\"><thead >\n\t\t\t\t<tr class=info><th class=text-center>1\u00ba<br> de Primera<\/th>\n\t\t\t\t               <th class=text-center>1\u00ba<br> de segunda<\/th>\n\t\t\t\t\t\t\t   <th class=text-center>1\u00ba<br> de tercera<\/th>\n\t\t\t\t\t\t\t\n\t\t\t\t\t\t\t<\/tr>\n\t\t\t\t<\/thead><tbody>                                     \n            <td class=odd style=\"text-align: center;\">\n               \n                 <a href='estadillo_online' onclick=\"enviarFormulario('12')\"> <img alt=12  src=\/\/www.calvamadrid.com\/pics\/12.jpg  width=58 height=80 class=center-block><br>  <small>GUILLERMO <br> CEBALLOS SIMON <\/a><\/small>  <\/td>                         \n       \n         \n                                     \n            <td class=odd style=\"text-align: center;\">\n               \n                 <a href='estadillo_online' onclick=\"enviarFormulario('1210')\"> <img alt=1210  src=\/\/www.calvamadrid.com\/pics\/1210.jpg  width=58 height=80 class=center-block><br>  <small>GERARDO <br> SAEZ HERRAEZ <\/a><\/small>  <\/td>                         \n       \n         \n                                     \n            <td class=odd style=\"text-align: center;\">\n               \n                 <a href='estadillo_online' onclick=\"enviarFormulario('1441')\"> <img alt=1441  src=\/\/www.calvamadrid.com\/pics\/1441.jpg  width=58 height=80 class=center-block><br>  <small>JESUS <br> HERNANDEZ JIMENEZ <\/a><\/small>  <\/td>                         \n       \n         \n<\/table> <img   src=http:\/\/calvamadrid.com\/images\/2025-11-30.jpg  width=600 ><link rel=\"stylesheet\" href=\"https:\/\/maxcdn.bootstrapcdn.com\/bootstrap\/3.4.1\/css\/bootstrap.min.css\"><select onchange=\"enviarCampeonato(this.value);\">\n<option value=> 2025-11-30 &#8211; CLAUSURA <\/option>\n<option value=> 2025-11-23 &#8211; CIUDAD LINEAL <\/option>\n<option value=> 2025-11-16 &#8211; LOS CASTELLANOS DE ALCORCON <\/option>\n<option value=> 2025-10-19 &#8211; LEGANES <\/option>\n<option value=> 2025-10-11 &#8211; ALCALA <\/option>\n<option value=> 2025-09-28 &#8211; LA MINA (ALUCHE) <\/option>\n<option value=> 2025-06-29 &#8211; COSLADA <\/option>\n<option value=> 2025-06-15 &#8211; SAN AGUSTIN DE GUADALIX <\/option>\n<option value=> 2025-06-01 &#8211; FUENLABRADA  <\/option>\n<option value=> 2025-05-25 &#8211; GETAFE <\/option>\n<option value=> 2025-05-11 &#8211; LUCERO <\/option>\n<option value=> 2025-04-13 &#8211; VILLA DE MOSTOLES <\/option>\n<option value=> 2025-04-06 &#8211; EL PILAR (ALUCHE) <\/option>\n<option value=> 2025-03-30 &#8211; ALCORCON LOS ABULENSES <\/option>\n<option value=> 2025-03-23 &#8211; TRABENCO (LEGANES) <\/option>\n<option value=> 2025-03-15 &#8211; APERTURA <\/option><\/select>  <small>6258<\/small> <!-- \/wp:shortcode --><!-- wp:paragraph --><\/p>\n<p>Consulta en el desplegable otros campeonatos<\/p>\n<p><!-- \/wp:paragraph --><\/p>\n<\/div>\n<\/div>\n<p><!-- \/wp:magazine-blocks\/column --><\/p>\n<\/div>\n<\/div>\n<\/div>\n<p><!-- \/wp:magazine-blocks\/section --><!-- wp:separator --><\/p>\n<hr class=\"wp-block-separator has-alpha-channel-opacity\" \/>\n<p><!-- \/wp:separator --><!-- wp:paragraph {\"fontSize\":\"large\"} --><\/p>\n<p class=\"has-large-font-size\">\u00a0<\/p>\n<div class=\"mzb-section mzb-section-f0e0f458\">\n<div class=\"mzb-container\">\n<div class=\"mzb-section-inner\">\n<div class=\"mzb-column mzb-column-8cf5a6ad\">\n<div class=\"mzb-column-inner\">\n<p><!-- \/wp:separator --><\/p>\n<\/div>\n<\/div>\n<p><!-- \/wp:magazine-blocks\/column --><!-- wp:magazine-blocks\/column {\"clientId\":\"e1215bee\"} --><\/p>\n<div class=\"mzb-column mzb-column-e1215bee\">\n<div class=\"mzb-column-inner\">\n<p><!-- wp:separator --><\/p>\n<hr class=\"wp-block-separator has-alpha-channel-opacity\" \/>\n<p><!-- \/wp:separator --><\/p>\n<\/div>\n<\/div>\n<p><!-- \/wp:magazine-blocks\/column --><\/p>\n<\/div>\n<\/div>\n<\/div>\n<p><!-- \/wp:magazine-blocks\/section --><!-- wp:shortcode --><\/p>\n<style>.wp-show-posts-columns#wpsp-6410 {margin-left: -2em; }.wp-show-posts-columns#wpsp-6410 .wp-show-posts-inner {margin: 0 0 2em 2em; }<\/style><section id=\"wpsp-6410\" class=\" wp-show-posts-columns wp-show-posts\" style=\"\"><article class=\" wp-show-posts-single post-6572 post type-post status-publish format-standard hentry category-news category-top wpsp-col-6\" itemtype=\"http:\/\/schema.org\/CreativeWork\" itemscope><div class=\"wp-show-posts-inner\" style=\"\">\t\t\t\t\t\t<header class=\"wp-show-posts-entry-header\">\n\t\t\t\t\t\t\t<h2 class=\"wp-show-posts-entry-title\" itemprop=\"headline\"><a href=\"https:\/\/calvamadrid.com\/calvaw\/iv-campeonato-de-calva-comunidad-de-madrid-2\/\" rel=\"bookmark\">XXXII Campeonato de calva de Alcorc\u00f3n<\/a><\/h2><div class=\"wp-show-posts-entry-meta wp-show-posts-entry-meta-below-title post-meta-inline\"><span class=\"wp-show-posts-posted-on wp-show-posts-meta\">\n\t\t\t\t\t<a href=\"https:\/\/calvamadrid.com\/calvaw\/iv-campeonato-de-calva-comunidad-de-madrid-2\/\" title=\"11:23 am\" rel=\"bookmark\"><time class=\"wp-show-posts-entry-date published\" datetime=\"2025-10-11T11:23:17+00:00\" itemprop=\"datePublished\">2025-10-11<\/time><time class=\"wp-show-posts-updated\" datetime=\"2025-10-11T11:23:18+00:00\" itemprop=\"dateModified\">2025-10-11<\/time><\/a>\n\t\t\t\t<\/span><\/div>\t\t\t\t\t\t<\/header><!-- .entry-header -->\n\t\t\t\t\t\t\t\t\t\t\t<div class=\"wp-show-posts-entry-content\" itemprop=\"text\">\n\t\t\t\t\t\t\t\n<p>Publicado en <em>La Gaceta de Alcorc\u00f3n<\/em>.<\/p>\n\n\n\n<p>Guillermo Ceballos gan\u00f3 por sexto a\u00f1o consecutivo el Campeonato de Calva de Alcorc\u00f3n, celebrado en el Parque de La Paz. <\/p>\n\n\n\n<p>El evento, organizado por el Club Los Castellanos, destac\u00f3 por su ambiente festivo y participaci\u00f3n vecinal.<\/p>\n\n\n\n<p><a href=\"https:\/\/lagacetadealcorcon.com\/calva-alcorcon\/\"><\/a><\/p>\n\n\n\n<figure class=\"wp-block-image size-full\"><a href=\"https:\/\/lagacetadealcorcon.com\/calva-alcorcon\/\"><img fetchpriority=\"high\" fetchpriority=\"high\" decoding=\"async\" width=\"1020\" height=\"359\" src=\"https:\/\/calvamadrid.com\/calvaw\/wp-content\/uploads\/2025\/10\/image.png\" alt=\"\" class=\"wp-image-6573\" srcset=\"https:\/\/calvamadrid.com\/calvaw\/wp-content\/uploads\/2025\/10\/image.png 1020w, https:\/\/calvamadrid.com\/calvaw\/wp-content\/uploads\/2025\/10\/image-150x53.png 150w, https:\/\/calvamadrid.com\/calvaw\/wp-content\/uploads\/2025\/10\/image-768x270.png 768w\" sizes=\"(max-width: 1020px) 100vw, 1020px\" \/><\/a><\/figure>\n\n\n\n\t\t\t\t\t\t<\/div><!-- .entry-content -->\n\t\t\t\t\t<\/div><!-- wp-show-posts-inner --><\/article><article class=\" wp-show-posts-single post-185 post type-post status-publish format-aside has-post-thumbnail hentry category-news post_format-post-format-aside wpsp-col-6\" itemtype=\"http:\/\/schema.org\/CreativeWork\" itemscope><div class=\"wp-show-posts-inner\" style=\"\">\t\t\t\t\t\t<header class=\"wp-show-posts-entry-header\">\n\t\t\t\t\t\t\t<h2 class=\"wp-show-posts-entry-title\" itemprop=\"headline\"><a href=\"https:\/\/calvamadrid.com\/calvaw\/marros-a-media\/\" rel=\"bookmark\">Marros a Media<\/a><\/h2><div class=\"wp-show-posts-entry-meta wp-show-posts-entry-meta-below-title post-meta-inline\"><span class=\"wp-show-posts-posted-on wp-show-posts-meta\">\n\t\t\t\t\t<a href=\"https:\/\/calvamadrid.com\/calvaw\/marros-a-media\/\" title=\"11:36 pm\" rel=\"bookmark\"><time class=\"wp-show-posts-entry-date published\" datetime=\"2025-04-21T23:36:00+00:00\" itemprop=\"datePublished\">2025-04-21<\/time><time class=\"wp-show-posts-updated\" datetime=\"2025-04-22T06:37:01+00:00\" itemprop=\"dateModified\">2025-04-22<\/time><\/a>\n\t\t\t\t<\/span><\/div>\t\t\t\t\t\t<\/header><!-- .entry-header -->\n\t\t\t\t\t\t\t<div class=\"wp-show-posts-image  wpsp-image-center \">\n\t\t\t<a href=\"https:\/\/calvamadrid.com\/calvaw\/marros-a-media\/\"  title=\"Marros a Media\"><img loading=\"lazy\" decoding=\"async\" width=\"696\" height=\"529\" src=\"https:\/\/calvamadrid.com\/calvaw\/wp-content\/uploads\/2025\/04\/marros_a_medida.jpg\" class=\"attachment-full size-full wp-post-image\" alt=\"\" itemprop=\"image\" srcset=\"https:\/\/calvamadrid.com\/calvaw\/wp-content\/uploads\/2025\/04\/marros_a_medida.jpg 696w, https:\/\/calvamadrid.com\/calvaw\/wp-content\/uploads\/2025\/04\/marros_a_medida-150x114.jpg 150w\" sizes=\"(max-width: 696px) 100vw, 696px\" \/><\/a>\t\t<\/div>\n\t\t\t\t\t\t\t\t<div class=\"wp-show-posts-entry-summary\" itemprop=\"text\">\n\t\t\t\t\t\t\t<p>Se hacen marros a medida de cualquier medida y peso. Se hacen marros a medida de cualquier medida y peso. Contactar con el tio Vidal:\u00a0MOVIL:717 117 471 EMAIL: agustinbnt@gmail.com<\/p>\n\t\t\t\t\t\t<\/div><!-- .entry-summary -->\n\t\t\t\t\t<\/div><!-- wp-show-posts-inner --><\/article><article class=\" wp-show-posts-single post-6486 post type-post status-publish format-standard hentry category-news wpsp-col-6\" itemtype=\"http:\/\/schema.org\/CreativeWork\" itemscope><div class=\"wp-show-posts-inner\" style=\"\">\t\t\t\t\t\t<header class=\"wp-show-posts-entry-header\">\n\t\t\t\t\t\t\t<h2 class=\"wp-show-posts-entry-title\" itemprop=\"headline\"><a href=\"https:\/\/calvamadrid.com\/calvaw\/iv-campeonato-de-calva-comunidad-de-madrid\/\" rel=\"bookmark\">IV Campeonato de Calva Comunidad de Madrid.<\/a><\/h2><div class=\"wp-show-posts-entry-meta wp-show-posts-entry-meta-below-title post-meta-inline\"><span class=\"wp-show-posts-posted-on wp-show-posts-meta\">\n\t\t\t\t\t<a href=\"https:\/\/calvamadrid.com\/calvaw\/iv-campeonato-de-calva-comunidad-de-madrid\/\" title=\"10:21 am\" rel=\"bookmark\"><time class=\"wp-show-posts-entry-date published\" datetime=\"2024-05-18T10:21:29+00:00\" itemprop=\"datePublished\">2024-05-18<\/time><time class=\"wp-show-posts-updated\" datetime=\"2024-05-18T10:24:34+00:00\" itemprop=\"dateModified\">2024-05-18<\/time><\/a>\n\t\t\t\t<\/span><\/div>\t\t\t\t\t\t<\/header><!-- .entry-header -->\n\t\t\t\t\t\t\t\t\t\t\t<div class=\"wp-show-posts-entry-content\" itemprop=\"text\">\n\t\t\t\t\t\t\t\n<p>El 5 de mayo se celebro el campeonato de calva con motivo de las fiestas de la comunidad de Madrid en las canchas de Aluche.<\/p>\n\n\n\n<p>Foto de  los ganadores.<\/p>\n\n\n\n<p><\/p>\n\n\n\n<figure class=\"wp-block-image size-large\"><img decoding=\"async\" width=\"1024\" height=\"694\" src=\"https:\/\/calvamadrid.com\/calvaw\/wp-content\/uploads\/2024\/05\/ganadares_Campeonato_comunidad_de_madrid_2024-1024x694.jpg\" alt=\"\" class=\"wp-image-6487\" srcset=\"https:\/\/calvamadrid.com\/calvaw\/wp-content\/uploads\/2024\/05\/ganadares_Campeonato_comunidad_de_madrid_2024-1024x694.jpg 1024w, https:\/\/calvamadrid.com\/calvaw\/wp-content\/uploads\/2024\/05\/ganadares_Campeonato_comunidad_de_madrid_2024-150x102.jpg 150w, https:\/\/calvamadrid.com\/calvaw\/wp-content\/uploads\/2024\/05\/ganadares_Campeonato_comunidad_de_madrid_2024-768x521.jpg 768w, https:\/\/calvamadrid.com\/calvaw\/wp-content\/uploads\/2024\/05\/ganadares_Campeonato_comunidad_de_madrid_2024-1536x1042.jpg 1536w, https:\/\/calvamadrid.com\/calvaw\/wp-content\/uploads\/2024\/05\/ganadares_Campeonato_comunidad_de_madrid_2024.jpg 1600w\" sizes=\"(max-width: 1024px) 100vw, 1024px\" \/><\/figure>\n\n\n\n\t\t\t\t\t\t<\/div><!-- .entry-content -->\n\t\t\t\t\t<\/div><!-- wp-show-posts-inner --><\/article><article class=\" wp-show-posts-single post-6472 post type-post status-publish format-standard hentry category-news wpsp-col-6\" itemtype=\"http:\/\/schema.org\/CreativeWork\" itemscope><div class=\"wp-show-posts-inner\" style=\"\">\t\t\t\t\t\t<header class=\"wp-show-posts-entry-header\">\n\t\t\t\t\t\t\t<h2 class=\"wp-show-posts-entry-title\" itemprop=\"headline\"><a href=\"https:\/\/calvamadrid.com\/calvaw\/calendario-liga-nacional\/\" rel=\"bookmark\">CALENDARIO LIGA NACIONAL<\/a><\/h2><div class=\"wp-show-posts-entry-meta wp-show-posts-entry-meta-below-title post-meta-inline\"><span class=\"wp-show-posts-posted-on wp-show-posts-meta\">\n\t\t\t\t\t<a href=\"https:\/\/calvamadrid.com\/calvaw\/calendario-liga-nacional\/\" title=\"11:19 am\" rel=\"bookmark\"><time class=\"wp-show-posts-entry-date published\" datetime=\"2024-04-28T11:19:49+00:00\" itemprop=\"datePublished\">2024-04-28<\/time><time class=\"wp-show-posts-updated\" datetime=\"2024-05-18T09:17:46+00:00\" itemprop=\"dateModified\">2024-05-18<\/time><\/a>\n\t\t\t\t<\/span><\/div>\t\t\t\t\t\t<\/header><!-- .entry-header -->\n\t\t\t\t\t\t\t\t\t\t\t<div class=\"wp-show-posts-entry-content\" itemprop=\"text\">\n\t\t\t\t\t\t\t\n<div class=\"mzb-section mzb-section-2e3aba0e\"><div class=\"mzb-container\"><div class=\"mzb-section-inner\">\n<div class=\"mzb-column mzb-column-d17c0e71\"><div class=\"mzb-column-inner\">\n<p class=\"has-text-align-left\">La Liga Nacional de Calva 2024  dar\u00e1 comienzo el pr\u00f3ximo 2 de junio y se extender\u00e1 hasta el 25 de agosto, cuando tendr\u00e1 lugar la gran final en Medina del Campo (Valladolid). Durante estos meses, los aficionados podr\u00e1n disfrutar de emocionantes partidos en los siguientes provincias:<\/p>\n\n\n\n<ul>\n<li>Madrid<\/li>\n\n\n\n<li>Burgos<\/li>\n\n\n\n<li>Segovia<\/li>\n\n\n\n<li>Salamanca<\/li>\n\n\n\n<li>Zamora<\/li>\n\n\n\n<li>\u00c1vila<\/li>\n\n\n\n<li>Valladolid<\/li>\n<\/ul>\n\n\n\n<p>Consultar calendario y normativa de la liga.<\/p>\n<\/div><\/div>\n<\/div><\/div><\/div>\n\n\n\n\t\t\t\t\t\t<\/div><!-- .entry-content -->\n\t\t\t\t\t<\/div><!-- wp-show-posts-inner --><\/article><article class=\" wp-show-posts-single post-6429 post type-post status-publish format-standard has-post-thumbnail hentry category-news category-otros_juegos wpsp-col-6\" itemtype=\"http:\/\/schema.org\/CreativeWork\" itemscope><div class=\"wp-show-posts-inner\" style=\"\">\t\t\t\t\t\t<header class=\"wp-show-posts-entry-header\">\n\t\t\t\t\t\t\t<h2 class=\"wp-show-posts-entry-title\" itemprop=\"headline\"><a href=\"https:\/\/calvamadrid.com\/calvaw\/varpa-la-calva-escandinava\/\" rel=\"bookmark\">Varpa, la calva escandinava<\/a><\/h2><div class=\"wp-show-posts-entry-meta wp-show-posts-entry-meta-below-title post-meta-inline\"><span class=\"wp-show-posts-posted-on wp-show-posts-meta\">\n\t\t\t\t\t<a href=\"https:\/\/calvamadrid.com\/calvaw\/varpa-la-calva-escandinava\/\" title=\"12:07 pm\" rel=\"bookmark\"><time class=\"wp-show-posts-entry-date published\" datetime=\"2024-04-14T12:07:00+00:00\" itemprop=\"datePublished\">2024-04-14<\/time><time class=\"wp-show-posts-updated\" datetime=\"2024-04-14T09:47:48+00:00\" itemprop=\"dateModified\">2024-04-14<\/time><\/a>\n\t\t\t\t<\/span><\/div>\t\t\t\t\t\t<\/header><!-- .entry-header -->\n\t\t\t\t\t\t\t<div class=\"wp-show-posts-image  wpsp-image-center \">\n\t\t\t<a href=\"https:\/\/calvamadrid.com\/calvaw\/varpa-la-calva-escandinava\/\"  title=\"Varpa, la calva escandinava\"><img loading=\"lazy\" decoding=\"async\" width=\"386\" height=\"255\" src=\"https:\/\/calvamadrid.com\/calvaw\/wp-content\/uploads\/2024\/04\/0Captura-de-pantalla-2024-04-14-095110-3.png\" class=\"attachment-full size-full wp-post-image\" alt=\"\" itemprop=\"image\" srcset=\"https:\/\/calvamadrid.com\/calvaw\/wp-content\/uploads\/2024\/04\/0Captura-de-pantalla-2024-04-14-095110-3.png 386w, https:\/\/calvamadrid.com\/calvaw\/wp-content\/uploads\/2024\/04\/0Captura-de-pantalla-2024-04-14-095110-3-150x99.png 150w\" sizes=\"(max-width: 386px) 100vw, 386px\" \/><\/a>\t\t<\/div>\n\t\t\t\t\t\t\t\t<div class=\"wp-show-posts-entry-summary\" itemprop=\"text\">\n\t\t\t\t\t\t\t<p>Varpa: Un juego tradicional escandinavo con ra\u00edces vikingas Varpa es un juego cl\u00e1sico al aire libre originario de la era vikinga que a\u00fan se disfruta hoy en d\u00eda, particularmente en&#8230;<\/p>\n\t\t\t\t\t\t<\/div><!-- .entry-summary -->\n\t\t\t\t\t<\/div><!-- wp-show-posts-inner --><\/article><article class=\" wp-show-posts-single post-6461 post type-post status-publish format-standard has-post-thumbnail hentry category-news wpsp-col-6\" itemtype=\"http:\/\/schema.org\/CreativeWork\" itemscope><div class=\"wp-show-posts-inner\" style=\"\">\t\t\t\t\t\t<header class=\"wp-show-posts-entry-header\">\n\t\t\t\t\t\t\t<h2 class=\"wp-show-posts-entry-title\" itemprop=\"headline\"><a href=\"https:\/\/calvamadrid.com\/calvaw\/campeonato-nacional-de-calva-en-guijuelo\/\" rel=\"bookmark\">Campeonato nacional de calva en Guijuelo<\/a><\/h2><div class=\"wp-show-posts-entry-meta wp-show-posts-entry-meta-below-title post-meta-inline\"><span class=\"wp-show-posts-posted-on wp-show-posts-meta\">\n\t\t\t\t\t<a href=\"https:\/\/calvamadrid.com\/calvaw\/campeonato-nacional-de-calva-en-guijuelo\/\" title=\"9:40 am\" rel=\"bookmark\"><time class=\"wp-show-posts-entry-date published\" datetime=\"2024-04-14T09:40:06+00:00\" itemprop=\"datePublished\">2024-04-14<\/time><time class=\"wp-show-posts-updated\" datetime=\"2024-04-14T09:43:08+00:00\" itemprop=\"dateModified\">2024-04-14<\/time><\/a>\n\t\t\t\t<\/span><\/div>\t\t\t\t\t\t<\/header><!-- .entry-header -->\n\t\t\t\t\t\t\t<div class=\"wp-show-posts-image  wpsp-image-center \">\n\t\t\t<a href=\"https:\/\/calvamadrid.com\/calvaw\/campeonato-nacional-de-calva-en-guijuelo\/\"  title=\"Campeonato nacional de calva en Guijuelo\"><img loading=\"lazy\" decoding=\"async\" width=\"467\" height=\"279\" src=\"https:\/\/calvamadrid.com\/calvaw\/wp-content\/uploads\/2024\/04\/guijuelo_2024.jpg\" class=\"attachment-full size-full wp-post-image\" alt=\"\" itemprop=\"image\" srcset=\"https:\/\/calvamadrid.com\/calvaw\/wp-content\/uploads\/2024\/04\/guijuelo_2024.jpg 467w, https:\/\/calvamadrid.com\/calvaw\/wp-content\/uploads\/2024\/04\/guijuelo_2024-150x90.jpg 150w\" sizes=\"(max-width: 467px) 100vw, 467px\" \/><\/a>\t\t<\/div>\n\t\t\t\t\t\t\t\t<div class=\"wp-show-posts-entry-summary\" itemprop=\"text\">\n\t\t\t\t\t\t\t<p>Celebrado el 13 de agostp de 2024 M\u00e1s informaci\u00f3n en https:\/\/guijuelo.es\/campeonato-nacional-de-calva-en-guijuelo\/<\/p>\n\t\t\t\t\t\t<\/div><!-- .entry-summary -->\n\t\t\t\t\t<\/div><!-- wp-show-posts-inner --><\/article><article class=\" wp-show-posts-single post-6458 post type-post status-publish format-standard has-post-thumbnail hentry category-news wpsp-col-6\" itemtype=\"http:\/\/schema.org\/CreativeWork\" itemscope><div class=\"wp-show-posts-inner\" style=\"\">\t\t\t\t\t\t<header class=\"wp-show-posts-entry-header\">\n\t\t\t\t\t\t\t<h2 class=\"wp-show-posts-entry-title\" itemprop=\"headline\"><a href=\"https:\/\/calvamadrid.com\/calvaw\/fotogaleria-campeonato-nacional-calva-en-abades\/\" rel=\"bookmark\">Fotogaleria campeonato nacional calva en Abades<\/a><\/h2><div class=\"wp-show-posts-entry-meta wp-show-posts-entry-meta-below-title post-meta-inline\"><span class=\"wp-show-posts-posted-on wp-show-posts-meta\">\n\t\t\t\t\t<a href=\"https:\/\/calvamadrid.com\/calvaw\/fotogaleria-campeonato-nacional-calva-en-abades\/\" title=\"9:30 am\" rel=\"bookmark\"><time class=\"wp-show-posts-entry-date published\" datetime=\"2024-04-14T09:30:24+00:00\" itemprop=\"datePublished\">2024-04-14<\/time><time class=\"wp-show-posts-updated\" datetime=\"2024-04-14T09:34:22+00:00\" itemprop=\"dateModified\">2024-04-14<\/time><\/a>\n\t\t\t\t<\/span><\/div>\t\t\t\t\t\t<\/header><!-- .entry-header -->\n\t\t\t\t\t\t\t<div class=\"wp-show-posts-image  wpsp-image-center \">\n\t\t\t<a href=\"https:\/\/calvamadrid.com\/calvaw\/fotogaleria-campeonato-nacional-calva-en-abades\/\"  title=\"Fotogaleria campeonato nacional calva en Abades\"><img loading=\"lazy\" decoding=\"async\" width=\"800\" height=\"404\" src=\"https:\/\/calvamadrid.com\/calvaw\/wp-content\/uploads\/2024\/04\/fotogaleria_abades.jpg\" class=\"attachment-full size-full wp-post-image\" alt=\"\" itemprop=\"image\" srcset=\"https:\/\/calvamadrid.com\/calvaw\/wp-content\/uploads\/2024\/04\/fotogaleria_abades.jpg 800w, https:\/\/calvamadrid.com\/calvaw\/wp-content\/uploads\/2024\/04\/fotogaleria_abades-150x76.jpg 150w, https:\/\/calvamadrid.com\/calvaw\/wp-content\/uploads\/2024\/04\/fotogaleria_abades-768x388.jpg 768w\" sizes=\"(max-width: 800px) 100vw, 800px\" \/><\/a>\t\t<\/div>\n\t\t\t\t\t\t\t\t<div class=\"wp-show-posts-entry-summary\" itemprop=\"text\">\n\t\t\t\t\t\t\t<p>El adelanto de Segov\u00eda publico una fotofaler\u00eda del campeonato nacional celebrado en abades el 9 de julio de 2023 M\u00e1s informaci\u00f3n: https:\/\/www.tribunasegovia.com\/noticias\/337383\/centenar-y-medio-de-jugadores-de-calva-y-bolos-femeninos-en-abades<\/p>\n\t\t\t\t\t\t<\/div><!-- .entry-summary -->\n\t\t\t\t\t<\/div><!-- wp-show-posts-inner --><\/article><article class=\" wp-show-posts-single post-6492 post type-post status-publish format-standard hentry category-news wpsp-col-6\" itemtype=\"http:\/\/schema.org\/CreativeWork\" itemscope><div class=\"wp-show-posts-inner\" style=\"\">\t\t\t\t\t\t<header class=\"wp-show-posts-entry-header\">\n\t\t\t\t\t\t\t<h2 class=\"wp-show-posts-entry-title\" itemprop=\"headline\"><a href=\"https:\/\/calvamadrid.com\/calvaw\/campeonato-calva-en-plaza-de-todos-de-cercedilla-2019\/\" rel=\"bookmark\">Campeonato calva en plaza de todos de Cercedilla 2019.<\/a><\/h2><div class=\"wp-show-posts-entry-meta wp-show-posts-entry-meta-below-title post-meta-inline\"><span class=\"wp-show-posts-posted-on wp-show-posts-meta\">\n\t\t\t\t\t<a href=\"https:\/\/calvamadrid.com\/calvaw\/campeonato-calva-en-plaza-de-todos-de-cercedilla-2019\/\" title=\"10:42 am\" rel=\"bookmark\"><time class=\"wp-show-posts-entry-date published\" datetime=\"2024-01-18T10:42:20+00:00\" itemprop=\"datePublished\">2024-01-18<\/time><time class=\"wp-show-posts-updated\" datetime=\"2024-05-18T10:42:51+00:00\" itemprop=\"dateModified\">2024-05-18<\/time><\/a>\n\t\t\t\t<\/span><\/div>\t\t\t\t\t\t<\/header><!-- .entry-header -->\n\t\t\t\t\t\t\t\t\t\t\t<div class=\"wp-show-posts-entry-content\" itemprop=\"text\">\n\t\t\t\t\t\t\t\n<p>Observa las im\u00e1genes del singular campeonato de calva celebrado en 2019 en la plaza de todos de Cercedilla , o<em>rganizado por la Sociedad De Mozos Cercedilla<\/em> <a href=\" https:\/\/cercedilla.es\/campeonato-de-calva-2019\/\"> https:\/\/cercedilla.es\/campeonato-de-calva-2019\/<\/a><\/p>\n\n\n\n<figure class=\"wp-block-image size-full\"><img decoding=\"async\" width=\"800\" height=\"533\" src=\"https:\/\/calvamadrid.com\/calvaw\/wp-content\/uploads\/2024\/05\/cercedillacampeonato.jpg\" alt=\"\" class=\"wp-image-6493\" srcset=\"https:\/\/calvamadrid.com\/calvaw\/wp-content\/uploads\/2024\/05\/cercedillacampeonato.jpg 800w, https:\/\/calvamadrid.com\/calvaw\/wp-content\/uploads\/2024\/05\/cercedillacampeonato-150x100.jpg 150w, https:\/\/calvamadrid.com\/calvaw\/wp-content\/uploads\/2024\/05\/cercedillacampeonato-768x512.jpg 768w\" sizes=\"(max-width: 800px) 100vw, 800px\" \/><\/figure>\n\n\n\n\t\t\t\t\t\t<\/div><!-- .entry-content -->\n\t\t\t\t\t<\/div><!-- wp-show-posts-inner --><\/article><article class=\" wp-show-posts-single post-174 post type-post status-publish format-standard has-post-thumbnail hentry category-news wpsp-col-6\" itemtype=\"http:\/\/schema.org\/CreativeWork\" itemscope><div class=\"wp-show-posts-inner\" style=\"\">\t\t\t\t\t\t<header class=\"wp-show-posts-entry-header\">\n\t\t\t\t\t\t\t<h2 class=\"wp-show-posts-entry-title\" itemprop=\"headline\"><a href=\"https:\/\/calvamadrid.com\/calvaw\/fotos-antiguas\/\" rel=\"bookmark\">CAMPEONATOS EN BLANCO Y NEGRO<\/a><\/h2><div class=\"wp-show-posts-entry-meta wp-show-posts-entry-meta-below-title post-meta-inline\"><span class=\"wp-show-posts-posted-on wp-show-posts-meta\">\n\t\t\t\t\t<a href=\"https:\/\/calvamadrid.com\/calvaw\/fotos-antiguas\/\" title=\"7:00 pm\" rel=\"bookmark\"><time class=\"wp-show-posts-entry-date published\" datetime=\"2024-01-02T19:00:00+00:00\" itemprop=\"datePublished\">2024-01-02<\/time><time class=\"wp-show-posts-updated\" datetime=\"2024-03-17T16:52:50+00:00\" itemprop=\"dateModified\">2024-03-17<\/time><\/a>\n\t\t\t\t<\/span><\/div>\t\t\t\t\t\t<\/header><!-- .entry-header -->\n\t\t\t\t\t\t\t<div class=\"wp-show-posts-image  wpsp-image-center \">\n\t\t\t<a href=\"https:\/\/calvamadrid.com\/calvaw\/fotos-antiguas\/\"  title=\"CAMPEONATOS EN BLANCO Y NEGRO\"><img loading=\"lazy\" decoding=\"async\" width=\"641\" height=\"391\" src=\"https:\/\/calvamadrid.com\/calvaw\/wp-content\/uploads\/2012\/05\/amayoral_avila_1940.jpg\" class=\"attachment-full size-full wp-post-image\" alt=\"\" itemprop=\"image\" srcset=\"https:\/\/calvamadrid.com\/calvaw\/wp-content\/uploads\/2012\/05\/amayoral_avila_1940.jpg 641w, https:\/\/calvamadrid.com\/calvaw\/wp-content\/uploads\/2012\/05\/amayoral_avila_1940-300x183.jpg 300w\" sizes=\"(max-width: 641px) 100vw, 641px\" \/><\/a>\t\t<\/div>\n\t\t\t\t\t\t\t\t<div class=\"wp-show-posts-entry-summary\" itemprop=\"text\">\n\t\t\t\t\t\t\t<p>En la web www.avilas.es podemos encontrar m\u00e1s de 3.500 im\u00e1genes antiguas de la ciudad de \u00c1vila. Esta colecci\u00f3n catalogada y comentada, permite acceder a las im\u00e1genes con diferentes tama\u00f1os, buscar&#8230;<\/p>\n\t\t\t\t\t\t<\/div><!-- .entry-summary -->\n\t\t\t\t\t<\/div><!-- wp-show-posts-inner --><\/article><article class=\" wp-show-posts-single post-19 post type-post status-publish format-standard has-post-thumbnail hentry category-news wpsp-col-6\" itemtype=\"http:\/\/schema.org\/CreativeWork\" itemscope><div class=\"wp-show-posts-inner\" style=\"\">\t\t\t\t\t\t<header class=\"wp-show-posts-entry-header\">\n\t\t\t\t\t\t\t<h2 class=\"wp-show-posts-entry-title\" itemprop=\"headline\"><a href=\"https:\/\/calvamadrid.com\/calvaw\/arenillas-de-muno-burgos-anos-20\/\" rel=\"bookmark\">Fotos de la calva de 1920 en Burgos<\/a><\/h2><div class=\"wp-show-posts-entry-meta wp-show-posts-entry-meta-below-title post-meta-inline\"><span class=\"wp-show-posts-posted-on wp-show-posts-meta\">\n\t\t\t\t\t<a href=\"https:\/\/calvamadrid.com\/calvaw\/arenillas-de-muno-burgos-anos-20\/\" title=\"6:09 pm\" rel=\"bookmark\"><time class=\"wp-show-posts-entry-date published\" datetime=\"2023-10-25T18:09:00+00:00\" itemprop=\"datePublished\">2023-10-25<\/time><time class=\"wp-show-posts-updated\" datetime=\"2024-04-07T18:38:14+00:00\" itemprop=\"dateModified\">2024-04-07<\/time><\/a>\n\t\t\t\t<\/span><\/div>\t\t\t\t\t\t<\/header><!-- .entry-header -->\n\t\t\t\t\t\t\t<div class=\"wp-show-posts-image  wpsp-image-center \">\n\t\t\t<a href=\"https:\/\/calvamadrid.com\/calvaw\/arenillas-de-muno-burgos-anos-20\/\"  title=\"Fotos de la calva de 1920 en Burgos\"><img loading=\"lazy\" decoding=\"async\" width=\"774\" height=\"534\" src=\"https:\/\/calvamadrid.com\/calvaw\/wp-content\/uploads\/2008\/10\/foto_1920_01.jpg\" class=\"attachment-full size-full wp-post-image\" alt=\"\" itemprop=\"image\" srcset=\"https:\/\/calvamadrid.com\/calvaw\/wp-content\/uploads\/2008\/10\/foto_1920_01.jpg 774w, https:\/\/calvamadrid.com\/calvaw\/wp-content\/uploads\/2008\/10\/foto_1920_01-300x207.jpg 300w, https:\/\/calvamadrid.com\/calvaw\/wp-content\/uploads\/2008\/10\/foto_1920_01-768x530.jpg 768w\" sizes=\"(max-width: 774px) 100vw, 774px\" \/><\/a>\t\t<\/div>\n\t\t\t\t\t\t\t\t<div class=\"wp-show-posts-entry-content\" itemprop=\"text\">\n\t\t\t\t\t\t\t<p>\u00a0<\/p>\n<p>Las fotos mas antiguas que se conocen son estas de los a\u00f1os 20. Son de a \u00e9poca en la que no se estilaba el chandal para jugar\u00a0 y los curas jugaban con sotana.<\/p>\n<p>Estas fotos fueron recogidas en una exposici\u00f3n fotogr\u00e1fica realizada por Ra\u00fal Mar\u00edn Benito en el <a href=\"http:\/\/club.telepolis.com\/oscargardi\/index4.htm\" target=\"_blank\" rel=\"noopener\">Centro C\u00edvico Tierras de Mu\u00f1\u00f3<\/a> en el pueblo de Arenillas de Mu\u00f1\u00f3 (Burgos).<\/p>\n<div align=\"center\">\n<p><a href=\"http:\/\/club.telepolis.com\/oscargardi\/Exposicion\/images\/foto33_jpg.jpg\"><img loading=\"lazy\" loading=\"lazy\" decoding=\"async\" class=\" size-full wp-image-16\" src=\"http:\/\/calvamadrid.com\/calvaw\/wp-content\/uploads\/2008\/10\/foto_1920_01.jpg\" alt=\"\" width=\"351\" height=\"242\" border=\"0\" srcset=\"https:\/\/calvamadrid.com\/calvaw\/wp-content\/uploads\/2008\/10\/foto_1920_01.jpg 774w, https:\/\/calvamadrid.com\/calvaw\/wp-content\/uploads\/2008\/10\/foto_1920_01-300x207.jpg 300w, https:\/\/calvamadrid.com\/calvaw\/wp-content\/uploads\/2008\/10\/foto_1920_01-768x530.jpg 768w\" sizes=\"(max-width: 351px) 100vw, 351px\" \/><\/a><\/p>\n<\/div>\n\t\t\t\t\t\t<\/div><!-- .entry-content -->\n\t\t\t\t\t<\/div><!-- wp-show-posts-inner --><\/article><div class=\"wpsp-clear\"><\/div><\/section><!-- .wp-show-posts -->\n<p><!-- \/wp:shortcode --><!-- wp:paragraph --><\/p>\n<p><!-- \/wp:paragraph --><!-- wp:magazine-blocks\/section {\"clientId\":\"c00981f0\"} --><\/p>\n<div class=\"mzb-section mzb-section-c00981f0\">\n<div class=\"mzb-container\">\n<div class=\"mzb-section-inner\">\u00a0<\/div>\n<\/div>\n<\/div>\n<p><!-- \/wp:magazine-blocks\/section --><\/p>\t\t\t\t\t\t<\/div>\n\t\t\t\t<\/div>\n\t\t\t\t<div class=\"elementor-element elementor-element-f5f4bb1 elementor-widget elementor-widget-text-editor\" data-id=\"f5f4bb1\" data-element_type=\"widget\" data-widget_type=\"text-editor.default\">\n\t\t\t\t<div class=\"elementor-widget-container\">\n\t\t\t\t\t\t\t\t\t\t\t\t\t<\/div>\n\t\t\t\t<\/div>\n\t\t\t\t\t<\/div>\n\t\t\t\t<\/div>\n\t\t<div class=\"elementor-element elementor-element-37c59cd e-flex e-con-boxed e-con e-parent\" data-id=\"37c59cd\" data-element_type=\"container\" data-core-v316-plus=\"true\">\n\t\t\t\t\t<div class=\"e-con-inner\">\n\t\t\t\t<div class=\"elementor-element elementor-element-dee3616 elementor-widget elementor-widget-wp-widget-recent-posts\" data-id=\"dee3616\" data-element_type=\"widget\" data-widget_type=\"wp-widget-recent-posts.default\">\n\t\t\t\t<div class=\"elementor-widget-container\">\n\t\t\t\n\t\t\n\t\t<h5>Entradas recientes<\/h5>\n\t\t<ul>\n\t\t\t\t\t\t\t\t\t\t\t<li>\n\t\t\t\t\t<a href=\"https:\/\/calvamadrid.com\/calvaw\/a-la-memoria-de-pablo-conductor-del-alvia\/\">A la memoria de Pablo, conductor del Alvia<\/a>\n\t\t\t\t\t\t\t\t\t<\/li>\n\t\t\t\t\t\t\t\t\t\t\t<li>\n\t\t\t\t\t<a href=\"https:\/\/calvamadrid.com\/calvaw\/iv-campeonato-de-calva-comunidad-de-madrid-2\/\">XXXII Campeonato de calva de Alcorc\u00f3n<\/a>\n\t\t\t\t\t\t\t\t\t<\/li>\n\t\t\t\t\t\t\t\t\t\t\t<li>\n\t\t\t\t\t<a href=\"https:\/\/calvamadrid.com\/calvaw\/marros-a-media\/\">Marros a Media<\/a>\n\t\t\t\t\t\t\t\t\t<\/li>\n\t\t\t\t\t\t\t\t\t\t\t<li>\n\t\t\t\t\t<a href=\"https:\/\/calvamadrid.com\/calvaw\/iv-campeonato-de-calva-comunidad-de-madrid\/\">IV Campeonato de Calva Comunidad de Madrid.<\/a>\n\t\t\t\t\t\t\t\t\t<\/li>\n\t\t\t\t\t\t\t\t\t\t\t<li>\n\t\t\t\t\t<a href=\"https:\/\/calvamadrid.com\/calvaw\/calendario-liga-nacional\/\">CALENDARIO LIGA NACIONAL<\/a>\n\t\t\t\t\t\t\t\t\t<\/li>\n\t\t\t\t\t<\/ul>\n\n\t\t\t\t<\/div>\n\t\t\t\t<\/div>\n\t\t\t\t\t<\/div>\n\t\t\t\t<\/div>\n\t\t\t\t<\/div>\n\t\t","protected":false},"excerpt":{"rendered":"<p>\u00a0 \u00a0 \u00a0 \u00a0 \u00a0<\/p>\n","protected":false},"author":1,"featured_media":0,"parent":0,"menu_order":0,"comment_status":"closed","ping_status":"closed","template":"","meta":{"footnotes":""},"aioseo_notices":[],"magazineBlocksPostFeaturedMedia":{"thumbnail":false,"medium":false,"medium_large":false,"large":false,"1536x1536":false,"2048x2048":false},"magazineBlocksPostAuthor":{"name":"admin","avatar":"https:\/\/secure.gravatar.com\/avatar\/64c979bdb8437be16ea1b705a0eb9b30?s=96&d=mm&r=g"},"magazineBlocksPostCommentsNumber":false,"magazineBlocksPostExcerpt":"\u00a0 \u00a0 \u00a0 \u00a0 \u00a0","magazineBlocksPostCategories":[],"_links":{"self":[{"href":"https:\/\/calvamadrid.com\/calvaw\/wp-json\/wp\/v2\/pages\/6271"}],"collection":[{"href":"https:\/\/calvamadrid.com\/calvaw\/wp-json\/wp\/v2\/pages"}],"about":[{"href":"https:\/\/calvamadrid.com\/calvaw\/wp-json\/wp\/v2\/types\/page"}],"author":[{"embeddable":true,"href":"https:\/\/calvamadrid.com\/calvaw\/wp-json\/wp\/v2\/users\/1"}],"replies":[{"embeddable":true,"href":"https:\/\/calvamadrid.com\/calvaw\/wp-json\/wp\/v2\/comments?post=6271"}],"version-history":[{"count":158,"href":"https:\/\/calvamadrid.com\/calvaw\/wp-json\/wp\/v2\/pages\/6271\/revisions"}],"predecessor-version":[{"id":6724,"href":"https:\/\/calvamadrid.com\/calvaw\/wp-json\/wp\/v2\/pages\/6271\/revisions\/6724"}],"wp:attachment":[{"href":"https:\/\/calvamadrid.com\/calvaw\/wp-json\/wp\/v2\/media?parent=6271"}],"curies":[{"name":"wp","href":"https:\/\/api.w.org\/{rel}","templated":true}]}}